{"id":6187,"date":"2026-04-21T09:02:52","date_gmt":"2026-04-21T08:02:52","guid":{"rendered":"https:\/\/www.etto.cz\/gyakran-ismetelt-kerdesek\/"},"modified":"2026-04-21T09:02:52","modified_gmt":"2026-04-21T08:02:52","slug":"gyakran-ismetelt-kerdesek","status":"publish","type":"page","link":"https:\/\/www.etto.cz\/hu\/gyakran-ismetelt-kerdesek\/","title":{"rendered":"Gyakran Ism\u00e9telt K\u00e9rd\u00e9sek"},"content":{"rendered":"<p class=\"faq-intro\">\u00d6sszegy\u0171jt\u00f6tt\u00fck a term\u00e9keinkkel, gy\u00e1rt\u00e1sunkkal \u00e9s szolg\u00e1ltat\u00e1sainkkal kapcsolatos leggyakrabban feltett k\u00e9rd\u00e9sekre adott v\u00e1laszokat. Ha nem tal\u00e1lja a v\u00e1laszt k\u00e9rd\u00e9s\u00e9re, k\u00e9rj\u00fck, <a href=\"https:\/\/www.etto.cz\/hu\/kapcsolat\/\">l\u00e9pjen kapcsolatba vel\u00fcnk<\/a>.<\/p>\n<div class=\"faq-section\">\n<h2>Gy\u00e1rt\u00e1s \u00e9s megrendel\u00e9sek<\/h2>\n<details class=\"faq-item\">\n<summary>Gy\u00e1rtanak egyedi darabokat is?<\/summary>\n<div class=\"faq-answer\">\n<strong>Igen, ak\u00e1r egyetlen darabot is gy\u00e1rtunk.<\/strong> Az ELEKTRON-ETTO egyedi gy\u00e1rt\u00e1sra specializ\u00e1l\u00f3dott, \u00edgy az \u00d6n ig\u00e9nyeinek megfelel\u0151en egyedi f\u0171t\u0151elemeket is tudunk k\u00e9sz\u00edteni.\n<\/div>\n<\/details>\n<details class=\"faq-item\">\n<summary>Adott-e a f\u0171t\u0151r\u00fad teljes\u00edtm\u00e9nye m\u00e9terenk\u00e9nt?<\/summary>\n<div class=\"faq-answer\">\n<strong>Nem, a teljes\u00edtm\u00e9ny nincs r\u00f6gz\u00edtve.<\/strong> A cs\u00f6ves f\u0171t\u0151elem teljes\u00edtm\u00e9ny\u00e9t egyedileg hat\u00e1rozzuk meg a felhaszn\u00e1l\u00e1si felt\u00e9telek alapj\u00e1n \u2014 a f\u0171t\u00f6tt anyagt\u00f3l, k\u00f6rnyezett\u0151l, m\u00e9retekt\u0151l \u00e9s a k\u00edv\u00e1nt h\u0151m\u00e9rs\u00e9klett\u0151l f\u00fcgg\u0151en. <a href=\"https:\/\/www.etto.cz\/hu\/kapcsolat\/\">L\u00e9pjen kapcsolatba vel\u00fcnk<\/a> az alkalmaz\u00e1s le\u00edr\u00e1s\u00e1val.\n<\/div>\n<\/details>\n<details class=\"faq-item\">\n<summary>Mennyi ideig tart az egyedi gy\u00e1rt\u00e1s?<\/summary>\n<div class=\"faq-answer\">\nA szabv\u00e1nyos sz\u00e1ll\u00edt\u00e1si id\u0151 <strong>4\u20135 h\u00e9t<\/strong>. A pontos hat\u00e1rid\u0151 a megrendel\u00e9s \u00f6sszetetts\u00e9g\u00e9t\u0151l, a k\u00edv\u00e1nt mennyis\u00e9gt\u0151l \u00e9s az aktu\u00e1lis termel\u00e9si kapacit\u00e1st\u00f3l f\u00fcgg. <a href=\"https:\/\/www.etto.cz\/hu\/kapcsolat\/\">L\u00e9pjen kapcsolatba vel\u00fcnk<\/a> a r\u00e9szletek\u00e9rt.\n<\/div>\n<\/details>\n<details class=\"faq-item\">\n<summary>Gy\u00e1rtanak f\u0171t\u0151elemeket robban\u00e1svesz\u00e9lyes k\u00f6rnyezetbe?<\/summary>\n<div class=\"faq-answer\">\nK\u00f6zvetlen\u00fcl nem gy\u00e1rtunk f\u0171t\u0151elemeket robban\u00e1svesz\u00e9lyes k\u00f6rnyezetbe, de <strong>egy\u00fcttm\u0171k\u00f6d\u00fcnk partnerekkel<\/strong>, akik erre a ter\u00fcletre specializ\u00e1l\u00f3dtak. <a href=\"https:\/\/www.etto.cz\/hu\/kapcsolat\/\">L\u00e9pjen kapcsolatba vel\u00fcnk<\/a> az alkalmaz\u00e1s le\u00edr\u00e1s\u00e1val.\n<\/div>\n<\/details>\n<details class=\"faq-item\">\n<summary>Hogyan zajlik az egyedi f\u0171t\u0151elem megrendel\u00e9se?<\/summary>\n<div class=\"faq-answer\">\n<strong>1.<\/strong> Vegye fel vel\u00fcnk a kapcsolatot az <a href=\"mailto:info@etto.cz\">info@etto.cz<\/a> c\u00edmen vagy a <a href=\"tel:+420581626366\">+420 581 626 366<\/a> telefonsz\u00e1mon a m\u0171szaki k\u00f6vetelm\u00e9nyekkel (f\u0171t\u00e9s t\u00edpusa, teljes\u00edtm\u00e9ny, m\u00e9retek, anyag, fesz\u00fclts\u00e9g).<br \/>\n<strong>2.<\/strong> Az \u00d6n ig\u00e9nyei alapj\u00e1n m\u0171szaki aj\u00e1nlatot k\u00e9sz\u00edt\u00fcnk.<br \/>\n<strong>3.<\/strong> J\u00f3v\u00e1hagy\u00e1s ut\u00e1n megkezdj\u00fck a gy\u00e1rt\u00e1st.<br \/>\n<strong>4.<\/strong> Az elk\u00e9sz\u00fclt f\u0171t\u0151elemeket kisz\u00e1ll\u00edtjuk \u00d6nnek.\n<\/div>\n<\/details>\n<details class=\"faq-item\">\n<summary>Milyen inform\u00e1ci\u00f3kra van sz\u00fcks\u00e9g\u00fck a f\u0171t\u0151elem megtervez\u00e9s\u00e9hez?<\/summary>\n<div class=\"faq-answer\">\nA helyes tervez\u00e9shez a k\u00f6vetkez\u0151ket kell tudnunk:<\/p>\n<ul>\n<li><strong>Alkalmaz\u00e1s t\u00edpusa<\/strong> \u2014 mit k\u00edv\u00e1n f\u0171teni (folyad\u00e9k, g\u00e1z, szil\u00e1rd anyag, kontaktf\u0171t\u00e9s)<\/li>\n<li><strong>H\u0151m\u00e9rs\u00e9klet<\/strong> \u2014 kiindul\u00e1si \u00e9s c\u00e9lh\u0151m\u00e9rs\u00e9klet<\/li>\n<li><strong>M\u00e9retek<\/strong> \u2014 a f\u0171t\u0151elem sz\u00e1m\u00e1ra rendelkez\u00e9sre \u00e1ll\u00f3 hely<\/li>\n<li><strong>Teljes\u00edtm\u00e9ny<\/strong> \u2014 a k\u00edv\u00e1nt teljes\u00edtm\u00e9ny (ha ismert)<\/li>\n<li><strong>Fesz\u00fclts\u00e9g<\/strong> \u2014 t\u00e1pfesz\u00fclts\u00e9g (230 V, 400 V stb.)<\/li>\n<li><strong>K\u00f6rnyezet<\/strong> \u2014 agressz\u00edv, robban\u00e1svesz\u00e9lyes, \u00e9lelmiszeripari, k\u00fclt\u00e9ri stb.<\/li>\n<\/ul>\n<p>Min\u00e9l t\u00f6bb inform\u00e1ci\u00f3t ad meg, ann\u00e1l pontosabban tudjuk megtervezni az optim\u00e1lis megold\u00e1st.\n<\/p><\/div>\n<\/details>\n<\/div>\n<div class=\"faq-section\">\n<h2>Term\u00e9kek \u00e9s m\u0171szaki k\u00e9rd\u00e9sek<\/h2>\n<details class=\"faq-item\">\n<summary>Milyen t\u00edpus\u00fa f\u0171t\u0151elemeket gy\u00e1rtanak?<\/summary>\n<div class=\"faq-answer\">\nAz ELEKTRON-ETTO a k\u00f6vetkez\u0151 f\u0151 f\u0171t\u0151elem-t\u00edpusokat gy\u00e1rtja:<\/p>\n<ul>\n<li><strong>F\u0171t\u0151patronok<\/strong> \u2014 hengeres elemek kontakt f\u0171t\u00e9shez<\/li>\n<li><strong>Cs\u00f6ves f\u0171t\u0151elemek<\/strong> \u2014 a leggyakrabban haszn\u00e1lt t\u00edpus, form\u00e1zhat\u00f3<\/li>\n<li><strong>F\u0171t\u0151szalagok \u00e9s f\u0171t\u0151bilincsek<\/strong> \u2014 hengeres fel\u00fcletek f\u0171t\u00e9s\u00e9hez<\/li>\n<li><strong>Ny\u00edlt tekercses f\u0171t\u0151elemek<\/strong> \u2014 ker\u00e1mia \u00e9s csill\u00e1m alap\u00fa<\/li>\n<li><strong>Infrapanelek<\/strong> \u2014 ipari IR panelek sz\u00e1r\u00edt\u00e1shoz \u00e9s f\u0171t\u00e9shez<\/li>\n<\/ul>\n<\/div>\n<\/details>\n<details class=\"faq-item\">\n<summary>Milyen \u00e1tm\u00e9r\u0151j\u0171 cs\u00f6ves f\u0171t\u0151elemeket k\u00edn\u00e1lnak?<\/summary>\n<div class=\"faq-answer\">\nA leggyakrabban haszn\u00e1lt \u00e1tm\u00e9r\u0151k: <strong>6,5 mm \u00e9s 8,5 mm<\/strong>. Emellett k\u00edn\u00e1lunk 5,2 mm, <strong>8 mm<\/strong>, 10 mm, 12 mm \u00e9s 16 mm \u00e1tm\u00e9r\u0151t is.\n<\/div>\n<\/details>\n<details class=\"faq-item\">\n<summary>Mennyi a f\u0171t\u0151patronok maxim\u00e1lis \u00fczemi h\u0151m\u00e9rs\u00e9klete?<\/summary>\n<div class=\"faq-answer\">\nA nagy terhel\u00e9s\u0171 f\u0171t\u0151patron fel\u00fclet\u00e9n az aj\u00e1nlott maxim\u00e1lis \u00fczemi h\u0151m\u00e9rs\u00e9klet <strong>600 \u00b0C<\/strong> AISI 304 rozsdamentes ac\u00e9l k\u00f6peny eset\u00e9n, illetve <strong>750 \u00b0C<\/strong> AISI 309 k\u00f6peny eset\u00e9n. A konkr\u00e9t maximum a patron t\u00edpus\u00e1t\u00f3l \u00e9s az alkalmaz\u00e1st\u00f3l f\u00fcgg.\n<\/div>\n<\/details>\n<details class=\"faq-item\">\n<summary>Milyen \u00e1tm\u00e9r\u0151kben gy\u00e1rtanak f\u0171t\u0151patronokat?<\/summary>\n<div class=\"faq-answer\">\nA f\u0171t\u0151patronokat szabv\u00e1nyos \u00e1tm\u00e9r\u0151kben gy\u00e1rtjuk: <strong>5 mm, 6,5 mm, 8 mm, 10 mm, 12,5 mm, 16 mm \u00e9s 20 mm<\/strong>. Nem szabv\u00e1nyos \u00e1tm\u00e9r\u0151k eset\u00e9n <a href=\"\/hu\/kapcsolat\/\">vegye fel vel\u00fcnk a kapcsolatot<\/a> \u2014 a gy\u00e1rt\u00e1st az \u00d6n ig\u00e9nyeihez igaz\u00edtjuk.\n<\/div>\n<\/details>\n<details class=\"faq-item\">\n<summary>Milyen anyagokb\u00f3l k\u00e9sz\u00fcl a f\u0171t\u0151elemek k\u00f6penye?<\/summary>\n<div class=\"faq-answer\">\nAlapesetben <strong>AISI 304<\/strong> rozsdamentes ac\u00e9lt haszn\u00e1lunk. Magasabb h\u0151m\u00e9rs\u00e9kletekhez <strong>AISI 309<\/strong> \u00e1ll rendelkez\u00e9sre. Speci\u00e1lis alkalmaz\u00e1sokhoz tov\u00e1bbi anyagok is el\u00e9rhet\u0151k \u2014 pl. tit\u00e1n, Incoloy stb. Az egyes f\u0171t\u0151elem-t\u00edpusokn\u00e1l a k\u00f6penyanyagok v\u00e1laszt\u00e9ka korl\u00e1tozott. Az \u00d6n alkalmaz\u00e1sa alapj\u00e1n javasoljuk a legjobb megold\u00e1st \u2014 <a href=\"\/hu\/kapcsolat\/\">\u00edrjon nek\u00fcnk<\/a>.\n<\/div>\n<\/details>\n<details class=\"faq-item\">\n<summary>Mi a Tutco SureHeat SERPENTINE\u00ae technol\u00f3gi\u00e1ja?<\/summary>\n<div class=\"faq-answer\">\nA <strong>SERPENTINE\u00ae<\/strong> az amerikai Tutco SureHeat v\u00e1llalat szabadalmaztatott technol\u00f3gi\u00e1ja g\u00e1zok (els\u0151sorban leveg\u0151) f\u0171t\u00e9s\u00e9re. T\u00f6k\u00e9letes \u00e9rintkez\u00e9st biztos\u00edt a f\u0171t\u00f6tt g\u00e1z \u00e9s a f\u0171t\u0151huzal fel\u00fclete k\u00f6z\u00f6tt, valamint nagyon gyors felf\u0171t\u00e9st a c\u00e9lh\u0151m\u00e9rs\u00e9kletre. 2018 \u00f3ta az ELEKTRON-ETTO e technol\u00f3gia kiz\u00e1r\u00f3lagos sz\u00e1ll\u00edt\u00f3ja Csehorsz\u00e1gban \u00e9s Szlov\u00e1ki\u00e1ban.\n<\/div>\n<\/details>\n<details class=\"faq-item\">\n<summary>Mi a k\u00fcl\u00f6nbs\u00e9g a csill\u00e1mszigetel\u00e9s\u0171 \u00e9s a ker\u00e1mia f\u0171t\u0151szalagok k\u00f6z\u00f6tt?<\/summary>\n<div class=\"faq-answer\">\nA <strong>csill\u00e1mszigetel\u00e9s\u0171 f\u0171t\u0151szalagok<\/strong> alacsonyabb \u00e9s k\u00f6zepes h\u0151m\u00e9rs\u00e9kletekhez alkalmasak, j\u00f3 tapad\u00e1st biztos\u00edtanak a hengeres fel\u00fclethez \u00e9s gyors h\u0151\u00e1tad\u00e1st. A <strong>ker\u00e1mia f\u0171t\u0151szalagok<\/strong> magasabb h\u0151m\u00e9rs\u00e9kletekhez \u00e9s ig\u00e9nyesebb k\u00f6r\u00fclm\u00e9nyekhez k\u00e9sz\u00fcltek. A v\u00e1laszt\u00e1s a k\u00edv\u00e1nt h\u0151m\u00e9rs\u00e9klett\u0151l, a k\u00f6rnyezett\u0151l \u00e9s az alkalmaz\u00e1st\u00f3l f\u00fcgg.\n<\/div>\n<\/details>\n<\/div>\n<div class=\"faq-section\">\n<h2>Alkalmaz\u00e1sok \u00e9s megold\u00e1sok<\/h2>\n<details class=\"faq-item\">\n<summary>Milyen inform\u00e1ci\u00f3kra van sz\u00fcks\u00e9g\u00fck folyad\u00e9kf\u0171t\u00e9s tervez\u00e9s\u00e9hez?<\/summary>\n<div class=\"faq-answer\">\nA folyad\u00e9kf\u0171t\u00e9shez haszn\u00e1lt f\u0171t\u0151elem helyes megtervez\u00e9s\u00e9hez a k\u00f6vetkez\u0151kre van sz\u00fcks\u00e9g\u00fcnk:<\/p>\n<ul>\n<li>A folyad\u00e9k specifik\u00e1ci\u00f3ja (t\u00edpus, tulajdons\u00e1gok, viszkozit\u00e1s)<\/li>\n<li>A folyad\u00e9k mennyis\u00e9ge \u00e9s \u00e1raml\u00e1si sebess\u00e9ge<\/li>\n<li>Kiindul\u00e1si \u00e9s c\u00e9lh\u0151m\u00e9rs\u00e9klet<\/li>\n<li>Inform\u00e1ci\u00f3 a tart\u00e1ly szigetel\u00e9s\u00e9r\u0151l<\/li>\n<li>A k\u00f6rnyezet h\u0151vesztes\u00e9ge<\/li>\n<\/ul>\n<p>Ezen adatok alapj\u00e1n megtervezz\u00fck a f\u0171t\u0151elem optim\u00e1lis t\u00edpus\u00e1t \u00e9s teljes\u00edtm\u00e9ny\u00e9t.\n<\/p><\/div>\n<\/details>\n<details class=\"faq-item\">\n<summary>Milyen inform\u00e1ci\u00f3kra van sz\u00fcks\u00e9g\u00fck g\u00e1zf\u0171t\u00e9s tervez\u00e9s\u00e9hez?<\/summary>\n<div class=\"faq-answer\">\nA g\u00e1zf\u0171t\u00e9shez haszn\u00e1lt f\u0171t\u0151elem helyes megtervez\u00e9s\u00e9hez a k\u00f6vetkez\u0151kre van sz\u00fcks\u00e9g\u00fcnk:<\/p>\n<ul>\n<li>A g\u00e1z fajt\u00e1ja (leveg\u0151, nitrog\u00e9n, technikai g\u00e1zok\u2026)<\/li>\n<li>\u00c1raml\u00e1si sebess\u00e9g (m\/s) \u00e9s g\u00e1zs\u0171r\u0171s\u00e9g (kg\/m\u00b3)<\/li>\n<li>Bel\u00e9p\u0151 \u00e9s c\u00e9lh\u0151m\u00e9rs\u00e9klet<\/li>\n<li>Maxim\u00e1lisan megengedett nyom\u00e1ses\u00e9s<\/li>\n<li>A f\u0171t\u0151elem maxim\u00e1lis fel\u00fcleti h\u0151m\u00e9rs\u00e9klete<\/li>\n<\/ul>\n<\/div>\n<\/details>\n<details class=\"faq-item\">\n<summary>Mely ipari \u00e1gazatok sz\u00e1m\u00e1ra gy\u00e1rtanak f\u0171t\u0151elemeket?<\/summary>\n<div class=\"faq-answer\">\nF\u0171t\u0151elemeket sz\u00e9les k\u00f6r\u0171 ipari \u00e1gazatok sz\u00e1m\u00e1ra sz\u00e1ll\u00edtunk:<\/p>\n<ul>\n<li><strong>M\u0171anyagipar<\/strong> \u2014 fr\u00f6ccs\u00f6nt\u0151 g\u00e9pek, extruderek, szersz\u00e1mok<\/li>\n<li><strong>Csomagol\u00e1stechnika<\/strong> \u2014 f\u00f3liahegeszt\u0151k, csomagol\u00f3g\u00e9pek<\/li>\n<li><strong>\u00c9lelmiszeripar<\/strong> \u2014 f\u0171t\u00e9s, sz\u00e1r\u00edt\u00e1s, steriliz\u00e1l\u00e1s<\/li>\n<li><strong>Vegyipar<\/strong> \u2014 oldatok f\u0171t\u00e9se, galvaniz\u00e1l\u00f3 f\u00fcrd\u0151k<\/li>\n<li><strong>Vas\u00fati ipar<\/strong> \u2014 f\u0171t\u0151elemek vonatokhoz (\u010cD, ZSSK tan\u00fas\u00edtv\u00e1ny)<\/li>\n<li><strong>Energetika<\/strong> \u2014 leveg\u0151 \u00e9s g\u00e1zok ipari f\u0171t\u00e9se<\/li>\n<\/ul>\n<\/div>\n<\/details>\n<details class=\"faq-item\">\n<summary>K\u00edn\u00e1lnak f\u0171t\u0151elemeket f\u00fcrd\u0151szobai radi\u00e1torokhoz?<\/summary>\n<div class=\"faq-answer\">\nIgen. Elektromos f\u0171t\u0151elemeket gy\u00e1rtunk f\u00fcrd\u0151szobai radi\u00e1torokhoz (t\u00f6r\u00f6lk\u00f6z\u0151sz\u00e1r\u00edt\u00f3khoz). A f\u0171t\u0151elemeket a radi\u00e1tor t\u00edpusa \u00e9s a k\u00edv\u00e1nt teljes\u00edtm\u00e9ny szerint m\u00e9retre gy\u00e1rtjuk.\n<\/div>\n<\/details>\n<\/div>\n<div class=\"faq-section\">\n<h2>A v\u00e1llalatr\u00f3l<\/h2>\n<details class=\"faq-item\">\n<summary>Mi\u00f3ta l\u00e9tezik az ELEKTRON-ETTO?<\/summary>\n<div class=\"faq-answer\">\nA v\u00e1llalatot <strong>1992-ben<\/strong> alap\u00edtott\u00e1k. Alap\u00edt\u00e1sa \u00f3ta elektromos ellen\u00e1ll\u00e1sf\u0171t\u0151 elemek gy\u00e1rt\u00e1s\u00e1ra specializ\u00e1l\u00f3dott.\n<\/div>\n<\/details>\n<details class=\"faq-item\">\n<summary>Mely orsz\u00e1gokba sz\u00e1ll\u00edtanak?<\/summary>\n<div class=\"faq-answer\">\nEg\u00e9sz Eur\u00f3p\u00e1ba sz\u00e1ll\u00edtunk. Legfontosabb \u00fcgyfeleink <strong>Csehorsz\u00e1gban, Szlov\u00e1ki\u00e1ban, N\u00e9metorsz\u00e1gban, Ausztri\u00e1ban, Magyarorsz\u00e1gon \u00e9s Hollandi\u00e1ban<\/strong> tal\u00e1lhat\u00f3k.\n<\/div>\n<\/details>\n<details class=\"faq-item\">\n<summary>Hol tal\u00e1lhat\u00f3 a gy\u00e1rt\u00e1s?<\/summary>\n<div class=\"faq-answer\">\nGy\u00e1rt\u00e1sunk \u00e9s sz\u00e9khely\u00fcnk <strong>Hustope\u010de nad Be\u010dvou<\/strong> v\u00e1rosban (P\u0159erov j\u00e1r\u00e1s) tal\u00e1lhat\u00f3, Csehorsz\u00e1g.\n<\/div>\n<\/details>\n<details class=\"faq-item\">\n<summary>Rendelkezik az ELEKTRON-ETTO ISO tan\u00fas\u00edtv\u00e1nnyal?<\/summary>\n<div class=\"faq-answer\">\nIgen. Az ELEKTRON-ETTO, s.r.o. <strong>ISO 9001<\/strong> tan\u00fas\u00edtv\u00e1nnyal rendelkezik, amely igazolja az elektromos f\u0171t\u0151elemek gy\u00e1rt\u00e1s\u00e1nak min\u0151s\u00e9gir\u00e1ny\u00edt\u00e1si rendszer\u00e9t. Emellett rendelkez\u00fcnk a Cseh Vasutak (\u010cD) \u00e9s a Szlov\u00e1k Vasutak (ZSSK) tan\u00fas\u00edtv\u00e1nyaival is. A tan\u00fas\u00edtv\u00e1nyok a <a href=\"\/hu\/letoltes\/\">Let\u00f6lt\u00e9s<\/a> men\u00fcpontban \u00e9rhet\u0151k el.\n<\/div>\n<\/details>\n<details class=\"faq-item\">\n<summary>Mik az el\u00e9rhet\u0151s\u00e9geik \u00e9s a nyitvatart\u00e1si idej\u00fck?<\/summary>\n<div class=\"faq-answer\">\n<strong>Telefon:<\/strong> <a href=\"tel:+420581626366\">+420 581 626 366<\/a><br \/>\n<strong>Mobil:<\/strong> <a href=\"tel:+420605448444\">+420 605 448 444<\/a><br \/>\n<strong>E-mail:<\/strong> <a href=\"mailto:info@etto.cz\">info@etto.cz<\/a><br \/>\n<strong>Nyitvatart\u00e1s:<\/strong> h\u00e9tf\u0151\u2013p\u00e9ntek, 6:30\u201315:00<br \/>\nTov\u00e1bbi inform\u00e1ci\u00f3k a <a href=\"\/hu\/kapcsolat\/\">Kapcsolat<\/a> oldalon.\n<\/div>\n<\/details>\n<\/div>\n","protected":false},"excerpt":{"rendered":"<p>\u00d6sszegy\u0171jt\u00f6tt\u00fck a term\u00e9keinkkel, gy\u00e1rt\u00e1sunkkal \u00e9s szolg\u00e1ltat\u00e1sainkkal kapcsolatos leggyakrabban feltett k\u00e9rd\u00e9sekre adott v\u00e1laszokat. Ha nem tal\u00e1lja a v\u00e1laszt k\u00e9rd\u00e9s\u00e9re, k\u00e9rj\u00fck, l\u00e9pjen kapcsolatba vel\u00fcnk. Gy\u00e1rt\u00e1s \u00e9s megrendel\u00e9sek &#8230;<\/p>\n","protected":false},"author":0,"featured_media":0,"parent":0,"menu_order":0,"comment_status":"closed","ping_status":"closed","template":"","meta":{"_acf_changed":false,"ngg_post_thumbnail":0,"footnotes":"","_links_to":"","_links_to_target":""},"class_list":["post-6187","page","type-page","status-publish","hentry"],"acf":[],"yoast_head":"<!-- This site is optimized with the Yoast SEO plugin v28.3 - https:\/\/yoast.com\/product\/yoast-seo-wordpress\/ -->\n<title>FAQ: Cartridge Heaters &amp; Heating Elements | ELEKTRON-ETTO<\/title>\n<meta name=\"description\" content=\"V\u00e1laszok a leggyakrabban feltett k\u00e9rd\u00e9sekre az egyedi f\u0171t\u0151elemek gy\u00e1rt\u00e1s\u00e1r\u00f3l, term\u00e9kt\u00edpusokr\u00f3l \u00e9s sz\u00e1ll\u00edt\u00e1si id\u0151kr\u0151l. ELEKTRON-ETTO \u2014 1992 \u00f3ta.\" \/>\n<meta name=\"robots\" content=\"index, follow, max-snippet:-1, max-image-preview:large, max-video-preview:-1\" \/>\n<link rel=\"canonical\" href=\"https:\/\/www.etto.cz\/hu\/gyakran-ismetelt-kerdesek\/\" \/>\n<meta property=\"og:locale\" content=\"hu_HU\" \/>\n<meta property=\"og:type\" content=\"article\" \/>\n<meta property=\"og:title\" content=\"FAQ: Cartridge Heaters &amp; Heating Elements | ELEKTRON-ETTO\" \/>\n<meta property=\"og:description\" content=\"V\u00e1laszok a leggyakrabban feltett k\u00e9rd\u00e9sekre az egyedi f\u0171t\u0151elemek gy\u00e1rt\u00e1s\u00e1r\u00f3l, term\u00e9kt\u00edpusokr\u00f3l \u00e9s sz\u00e1ll\u00edt\u00e1si id\u0151kr\u0151l. ELEKTRON-ETTO \u2014 1992 \u00f3ta.\" \/>\n<meta property=\"og:url\" content=\"https:\/\/www.etto.cz\/hu\/gyakran-ismetelt-kerdesek\/\" \/>\n<meta property=\"og:site_name\" content=\"ETTO\" \/>\n<meta property=\"og:image\" content=\"https:\/\/www.etto.cz\/hu\/wp-content\/gallery\/prumyslova-telesa\/teleso-kotel.jpg\" \/>\n<meta name=\"twitter:card\" content=\"summary_large_image\" \/>\n<meta name=\"twitter:label1\" content=\"Becs\u00fclt olvas\u00e1si id\u0151\" \/>\n\t<meta name=\"twitter:data1\" content=\"8 perc\" \/>\n<script type=\"application\/ld+json\" class=\"yoast-schema-graph\">{\"@context\":\"https:\\\/\\\/schema.org\",\"@graph\":[{\"@type\":\"WebPage\",\"@id\":\"https:\\\/\\\/www.etto.cz\\\/caste-dotazy\\\/\",\"url\":\"https:\\\/\\\/www.etto.cz\\\/caste-dotazy\\\/\",\"name\":\"FAQ: Cartridge Heaters & Heating Elements | ELEKTRON-ETTO\",\"isPartOf\":{\"@id\":\"https:\\\/\\\/www.etto.cz\\\/#website\"},\"datePublished\":\"2026-04-21T08:02:52+00:00\",\"description\":\"V\u00e1laszok a leggyakrabban feltett k\u00e9rd\u00e9sekre az egyedi f\u0171t\u0151elemek gy\u00e1rt\u00e1s\u00e1r\u00f3l, term\u00e9kt\u00edpusokr\u00f3l \u00e9s sz\u00e1ll\u00edt\u00e1si id\u0151kr\u0151l. ELEKTRON-ETTO \u2014 1992 \u00f3ta.\",\"breadcrumb\":{\"@id\":\"https:\\\/\\\/www.etto.cz\\\/caste-dotazy\\\/#breadcrumb\"},\"inLanguage\":\"hu\",\"potentialAction\":[{\"@type\":\"ReadAction\",\"target\":[\"https:\\\/\\\/www.etto.cz\\\/caste-dotazy\\\/\"]}]},{\"@type\":\"BreadcrumbList\",\"@id\":\"https:\\\/\\\/www.etto.cz\\\/caste-dotazy\\\/#breadcrumb\",\"itemListElement\":[{\"@type\":\"ListItem\",\"position\":1,\"name\":\"Dom\u016f\",\"item\":\"https:\\\/\\\/www.etto.cz\\\/\"},{\"@type\":\"ListItem\",\"position\":2,\"name\":\"Gyakran Ism\u00e9telt K\u00e9rd\u00e9sek\"}]},{\"@type\":\"WebSite\",\"@id\":\"https:\\\/\\\/www.etto.cz\\\/#website\",\"url\":\"https:\\\/\\\/www.etto.cz\\\/\",\"name\":\"ETTO\",\"description\":\"V\u00fdroba elektrick\u00fdch topn\u00fdch t\u011bles\",\"potentialAction\":[{\"@type\":\"SearchAction\",\"target\":{\"@type\":\"EntryPoint\",\"urlTemplate\":\"https:\\\/\\\/www.etto.cz\\\/?s={search_term_string}\"},\"query-input\":{\"@type\":\"PropertyValueSpecification\",\"valueRequired\":true,\"valueName\":\"search_term_string\"}}],\"inLanguage\":\"hu\"}]}<\/script>\n<!-- \/ Yoast SEO plugin. -->","yoast_head_json":{"title":"FAQ: Cartridge Heaters & Heating Elements | ELEKTRON-ETTO","description":"V\u00e1laszok a leggyakrabban feltett k\u00e9rd\u00e9sekre az egyedi f\u0171t\u0151elemek gy\u00e1rt\u00e1s\u00e1r\u00f3l, term\u00e9kt\u00edpusokr\u00f3l \u00e9s sz\u00e1ll\u00edt\u00e1si id\u0151kr\u0151l. ELEKTRON-ETTO \u2014 1992 \u00f3ta.","robots":{"index":"index","follow":"follow","max-snippet":"max-snippet:-1","max-image-preview":"max-image-preview:large","max-video-preview":"max-video-preview:-1"},"canonical":"https:\/\/www.etto.cz\/hu\/gyakran-ismetelt-kerdesek\/","og_locale":"hu_HU","og_type":"article","og_title":"FAQ: Cartridge Heaters & Heating Elements | ELEKTRON-ETTO","og_description":"V\u00e1laszok a leggyakrabban feltett k\u00e9rd\u00e9sekre az egyedi f\u0171t\u0151elemek gy\u00e1rt\u00e1s\u00e1r\u00f3l, term\u00e9kt\u00edpusokr\u00f3l \u00e9s sz\u00e1ll\u00edt\u00e1si id\u0151kr\u0151l. ELEKTRON-ETTO \u2014 1992 \u00f3ta.","og_url":"https:\/\/www.etto.cz\/hu\/gyakran-ismetelt-kerdesek\/","og_site_name":"ETTO","og_image":[{"url":"https:\/\/www.etto.cz\/hu\/wp-content\/gallery\/prumyslova-telesa\/teleso-kotel.jpg","type":"","width":"","height":""}],"twitter_card":"summary_large_image","twitter_misc":{"Becs\u00fclt olvas\u00e1si id\u0151":"8 perc"},"schema":{"@context":"https:\/\/schema.org","@graph":[{"@type":"WebPage","@id":"https:\/\/www.etto.cz\/caste-dotazy\/","url":"https:\/\/www.etto.cz\/caste-dotazy\/","name":"FAQ: Cartridge Heaters & Heating Elements | ELEKTRON-ETTO","isPartOf":{"@id":"https:\/\/www.etto.cz\/#website"},"datePublished":"2026-04-21T08:02:52+00:00","description":"V\u00e1laszok a leggyakrabban feltett k\u00e9rd\u00e9sekre az egyedi f\u0171t\u0151elemek gy\u00e1rt\u00e1s\u00e1r\u00f3l, term\u00e9kt\u00edpusokr\u00f3l \u00e9s sz\u00e1ll\u00edt\u00e1si id\u0151kr\u0151l. ELEKTRON-ETTO \u2014 1992 \u00f3ta.","breadcrumb":{"@id":"https:\/\/www.etto.cz\/caste-dotazy\/#breadcrumb"},"inLanguage":"hu","potentialAction":[{"@type":"ReadAction","target":["https:\/\/www.etto.cz\/caste-dotazy\/"]}]},{"@type":"BreadcrumbList","@id":"https:\/\/www.etto.cz\/caste-dotazy\/#breadcrumb","itemListElement":[{"@type":"ListItem","position":1,"name":"Dom\u016f","item":"https:\/\/www.etto.cz\/"},{"@type":"ListItem","position":2,"name":"Gyakran Ism\u00e9telt K\u00e9rd\u00e9sek"}]},{"@type":"WebSite","@id":"https:\/\/www.etto.cz\/#website","url":"https:\/\/www.etto.cz\/","name":"ETTO","description":"V\u00fdroba elektrick\u00fdch topn\u00fdch t\u011bles","potentialAction":[{"@type":"SearchAction","target":{"@type":"EntryPoint","urlTemplate":"https:\/\/www.etto.cz\/?s={search_term_string}"},"query-input":{"@type":"PropertyValueSpecification","valueRequired":true,"valueName":"search_term_string"}}],"inLanguage":"hu"}]}},"_links":{"self":[{"href":"https:\/\/www.etto.cz\/hu\/wp-json\/wp\/v2\/pages\/6187","targetHints":{"allow":["GET"]}}],"collection":[{"href":"https:\/\/www.etto.cz\/hu\/wp-json\/wp\/v2\/pages"}],"about":[{"href":"https:\/\/www.etto.cz\/hu\/wp-json\/wp\/v2\/types\/page"}],"replies":[{"embeddable":true,"href":"https:\/\/www.etto.cz\/hu\/wp-json\/wp\/v2\/comments?post=6187"}],"version-history":[{"count":0,"href":"https:\/\/www.etto.cz\/hu\/wp-json\/wp\/v2\/pages\/6187\/revisions"}],"wp:attachment":[{"href":"https:\/\/www.etto.cz\/hu\/wp-json\/wp\/v2\/media?parent=6187"}],"curies":[{"name":"wp","href":"https:\/\/api.w.org\/{rel}","templated":true}]}}